{"id":9,"date":"2019-04-28T15:52:09","date_gmt":"2019-04-28T15:52:09","guid":{"rendered":"http:\/\/b2b-foto.de\/?page_id=9"},"modified":"2026-01-19T18:12:58","modified_gmt":"2026-01-19T18:12:58","slug":"ueber-mich","status":"publish","type":"page","link":"https:\/\/b2b-foto.de\/index.php\/ueber-mich\/","title":{"rendered":"\u00dcber uns"},"content":{"rendered":"\n<p>Gute Marken m\u00fcssen nicht laut sein. Sie m\u00fcssen klar sein.<br>Unser Warum ist es, Unternehmen sichtbar zu machen, wie sie wirklich sind: fokussiert, glaubw\u00fcrdig und unverwechselbar. Bilder sind dabei kein Beiwerk, sondern ein entscheidender Teil der Markenidentit\u00e4t.<\/p>\n\n\n\n<p>Wir arbeiten f\u00fcr Unternehmer und Marken, die wissen, dass Vertrauen visuell entsteht. Unsere Fotografie bringt Haltung, Qualit\u00e4t und Anspruch auf den Punkt \u2013 ruhig, pr\u00e4zise und zeitlos.<\/p>\n\n\n\n<p>Das Wie ist konsequent einfach: klare Konzepte, reduzierte Bildsprache, eine strukturierte Zusammenarbeit und h\u00f6chste Aufmerksamkeit f\u00fcr jedes Detail.<\/p>\n\n\n<style id=\"team_free_dynamic_css105\">#sptp-105 .sptp-main-carousel .swiper-button-next{color:#aaaaaa;background-color:transparent;border:1px solid #aaaaaa;}#sptp-105 .sptp-main-carousel .swiper-button-prev{color:#aaaaaa;background-color:transparent;border:1px solid #aaaaaa;}#sptp-105 .sptp-main-carousel .swiper-button-prev:hover{color:#ffffff;background-color:#63a37b;border-color:#63a37b;}#sptp-105 .sptp-main-carousel .swiper-button-next:hover{color:#ffffff;background-color:#63a37b;border-color:#63a37b;}#sptp-105 .swiper-pagination-bullet{background-color:#aaaaaa;}#sptp-105 .swiper-pagination-bullet-active{background-color:#63a37b;}#sptp-105 .sptp-main-carousel .sptp-member{margin:0;}#sptp-105 .sptp-member-avatar-img{border:0px solid ;background-color:#FFFFFF;}#sptp-105 .sptp-member-avatar-img:hover{}#sptp-105 .sptp-member-desc{color:#333333;}#sptp-105 .border-bg-around-member:not(.sptp-content-on-image){border:0px solid #ddd;border-radius:0px;background-color:transparent;}#sptp-105 .border-bg-around-member:not(.sptp-content-on-image):hover{border-color:#ccc;}#sptp-105 .sp-team-item .sptp-member{margin:10px 10px;padding:0px 0px 0px 0px;}#sptp-105 .swiper-slide .sptp-member{padding:0px 0px 0px 0px;}#sptp-105 .sptp-list-item.sptp-member,#sptp-105.sptp-section .sptp-member{box-shadow:none;}#sptp-105 .sptp-list-item.sptp-member,#sptp-105.sptp-carousel .sptp-member{margin-left:0px ;}#sptp-105 .sptp-list-item.sptp-member:hover,#sptp-105.sptp-section .sptp-member:hover{box-shadow:none;}@media screen and (max-width: 480px) {'#sptp-' . 105 . ' .sptp_nav_hide_on_mobile,'#sptp-' . 105 . ' .sptp-pagination.sptp_pagination_hide_on_mobile {display: none;}}<\/style><div id=\"sptp-105\"  class=\"sp-team sptp-carousel sptp-section sptp-new_page top_img_bottom_content\">\n\t\t<div class=\"sptp-page-loading-image\"><\/div>\n\t\t<div class=\"swiper-container sptp-main-carousel top-right\" data-carousel='{\n\t\t\t\"speed\": 600,\n\t\t\t\"items\": 3,\n\t\t\t\"spaceBetween\": 20,\n\t\t\t\"autoplay\": true,\n\t\t\t\"autoplay_speed\": 5000,\n\t\t\t\"loop\": true,\n\t\t\t\"freeMode\": false,\n\t\t\t\"autoHeight\": true,\n\t\t\t\"watchOverflow\": true,\n\t\t\t\"lazy\": false,\n\t\t\t\"breakpoints\": {\n\t\t\t\t\"desktop\": 3,\n\t\t\t\t\"laptop\": 3,\n\t\t\t\t\"tablet\": 3,\n\t\t\t\t\"mobile\": 1,\n\t\t\t\t\"desktop_pSlide\": 1,\n\t\t\t\t\"laptop_pSlide\": 1,\n\t\t\t\t\"tablet_pSlide\": 1,\n\t\t\t\t\"mobile_pSlide\": 1\t\t\t},\n\t\t\t\"stop_onhover\": true,\n\t\t\t\"pagination_type\": \"bullets\",\n\t\t\t\"mouse_wheel\": false,\n\t\t\t\"allowTouchMove\": true,\n\t\t\t\"simulateTouch\": true,\n\t\t\t\"freeMode\": false,\n\t\t\t\"enabled\": true,\n\t\t\t\"prevSlideMessage\": \"Previous slide\",\n\t\t\t\"nextSlideMessage\": \"Next slide\",\n\t\t\t\"firstSlideMessage\": \"This is the first slide\",\n\t\t\t\"lastSlideMessage\": \"This is the last slide\",\n\t\t\t\"paginationBulletMessage\": \"Go to slide {{index}}\"\n\t\t}'>\n\t\t<div class=\"swiper-wrapper top_img_bottom_content\">\n\t\t\t\t\t\t\t<div class=\"swiper-slide\">\n\t\t\t\t\t<div class=\"sptp-member border-bg-around-member\">\n\t<a class='sptp-member-avatar'  href=https:\/\/b2b-foto.de\/index.php\/team\/kristina-bruns\/ target=_blank >\n\t<span class=\"sptp-member-avatar-img sptp-square none\">\n\t\t<img loading=\"lazy\" decoding=\"async\" src=\"https:\/\/b2b-foto.de\/wp-content\/uploads\/2026\/01\/1-2-scaled.png\" alt=\"\" width=\"2560\" height=\"2560\">\n\t<\/span>\n<\/a>\n<div class=\"sptp-member-desc\">\n\t\tKristina,\r\nInhaberin von b2b Foto\r\nund ausgebildete Fotografin seit 2008,\r\nseit 2010 als selbstst\u00e4ndige Fotografin t\u00e4tig.<\/div>\n<\/div><!-- .sptp-member -->\n\t\t\t\t<\/div>\n\t\t\t\t\t\t\t<div class=\"swiper-slide\">\n\t\t\t\t\t<div class=\"sptp-member border-bg-around-member\">\n\t<a class='sptp-member-avatar'  href=https:\/\/b2b-foto.de\/index.php\/team\/katharina-imhoff\/ target=_blank >\n\t<span class=\"sptp-member-avatar-img sptp-square none\">\n\t\t<img loading=\"lazy\" decoding=\"async\" src=\"https:\/\/b2b-foto.de\/wp-content\/uploads\/2026\/01\/2-3-scaled.png\" alt=\"\" width=\"2560\" height=\"2560\">\n\t<\/span>\n<\/a>\n<div class=\"sptp-member-desc\">\n\t\tKatharina,\r\nunser Sonnenschein,\r\nwei\u00df \u00fcber alles Bescheid und k\u00fcmmert sich,\r\ndamit im Hintergrund alles reibungslos l\u00e4uft.<\/div>\n<\/div><!-- .sptp-member -->\n\t\t\t\t<\/div>\n\t\t\t\t\t\t\t<div class=\"swiper-slide\">\n\t\t\t\t\t<div class=\"sptp-member border-bg-around-member\">\n\t<a class='sptp-member-avatar'  href=https:\/\/b2b-foto.de\/index.php\/team\/ava-paschke\/ target=_blank >\n\t<span class=\"sptp-member-avatar-img sptp-square none\">\n\t\t<img loading=\"lazy\" decoding=\"async\" src=\"https:\/\/b2b-foto.de\/wp-content\/uploads\/2026\/01\/4-2-scaled.png\" alt=\"\" width=\"2560\" height=\"2560\">\n\t<\/span>\n<\/a>\n<div class=\"sptp-member-desc\">\n\t\tAva,\r\nein weiterer kreativer Kopf in unserem Team,\r\nsie k\u00fcmmert sich um Datensicherung und die Bildbearbeitung,\r\nsowie Grafikdesign.<\/div>\n<\/div><!-- .sptp-member -->\n\t\t\t\t<\/div>\n\t\t\t\t\t\t\t<div class=\"swiper-slide\">\n\t\t\t\t\t<div class=\"sptp-member border-bg-around-member\">\n\t<a class='sptp-member-avatar'  href=https:\/\/b2b-foto.de\/index.php\/team\/selim-mutulu\/ target=_blank >\n\t<span class=\"sptp-member-avatar-img sptp-square none\">\n\t\t<img loading=\"lazy\" decoding=\"async\" src=\"https:\/\/b2b-foto.de\/wp-content\/uploads\/2026\/01\/3-1-scaled.png\" alt=\"\" width=\"2560\" height=\"2560\">\n\t<\/span>\n<\/a>\n<div class=\"sptp-member-desc\">\n\t\tSelim,\r\nerg\u00e4nzt unser Team mit viel Humor und fachlicher Kompetenz\r\nim Bereich Social Media Managment und Marketing.<\/div>\n<\/div><!-- .sptp-member -->\n\t\t\t\t<\/div>\n\t\t\t\t\t<\/div>\n\t\t\t\t\t<div class=\"sptp-pagination swiper-pagination \"><\/div>\n\t\t\t\t\t\t\t<div class=\"sptp-button-next swiper-button-next top-right \"><i class=\"fa fa-angle-right\"><\/i><\/div>\n\t\t\t<div class=\"sptp-button-prev swiper-button-prev top-right \"><i class=\"fa fa-angle-left\"><\/i><\/div>\n\t\t\t<\/div>\n<\/div>\n\n","protected":false},"excerpt":{"rendered":"<p>Gute Marken m\u00fcssen nicht laut sein. Sie m\u00fcssen klar sein.Unser Warum ist es, Unternehmen sichtbar zu machen, wie sie wirklich sind: fokussiert, glaubw\u00fcrdig und unverwechselbar. Bilder sind dabei kein Beiwerk, sondern ein entscheidender Teil der Markenidentit\u00e4t. Wir arbeiten f\u00fcr Unternehmer und Marken, die wissen, dass Vertrauen visuell entsteht. Unsere Fotografie bringt Haltung, Qualit\u00e4t und Anspruch &hellip; <\/p>\n<p class=\"link-more\"><a href=\"https:\/\/b2b-foto.de\/index.php\/ueber-mich\/\" class=\"more-link\"><span class=\"screen-reader-text\">\u201e\u00dcber uns\u201c <\/span>weiterlesen<\/a><\/p>\n","protected":false},"author":1,"featured_media":38,"parent":0,"menu_order":0,"comment_status":"closed","ping_status":"closed","template":"","meta":{"footnotes":""},"class_list":["post-9","page","type-page","status-publish","has-post-thumbnail","hentry"],"_links":{"self":[{"href":"https:\/\/b2b-foto.de\/index.php\/wp-json\/wp\/v2\/pages\/9","targetHints":{"allow":["GET"]}}],"collection":[{"href":"https:\/\/b2b-foto.de\/index.php\/wp-json\/wp\/v2\/pages"}],"about":[{"href":"https:\/\/b2b-foto.de\/index.php\/wp-json\/wp\/v2\/types\/page"}],"author":[{"embeddable":true,"href":"https:\/\/b2b-foto.de\/index.php\/wp-json\/wp\/v2\/users\/1"}],"replies":[{"embeddable":true,"href":"https:\/\/b2b-foto.de\/index.php\/wp-json\/wp\/v2\/comments?post=9"}],"version-history":[{"count":6,"href":"https:\/\/b2b-foto.de\/index.php\/wp-json\/wp\/v2\/pages\/9\/revisions"}],"predecessor-version":[{"id":156,"href":"https:\/\/b2b-foto.de\/index.php\/wp-json\/wp\/v2\/pages\/9\/revisions\/156"}],"wp:featuredmedia":[{"embeddable":true,"href":"https:\/\/b2b-foto.de\/index.php\/wp-json\/wp\/v2\/media\/38"}],"wp:attachment":[{"href":"https:\/\/b2b-foto.de\/index.php\/wp-json\/wp\/v2\/media?parent=9"}],"curies":[{"name":"wp","href":"https:\/\/api.w.org\/{rel}","templated":true}]}}